{"id":77,"date":"2009-12-08T10:22:10","date_gmt":"2009-12-08T18:22:10","guid":{"rendered":"http:\/\/www.abc-wien.net\/?page_id=77"},"modified":"2019-05-16T23:39:40","modified_gmt":"2019-05-16T21:39:40","slug":"uber-die-abc","status":"publish","type":"page","link":"https:\/\/www.abc-wien.net\/?page_id=77","title":{"rendered":"\u00dcber ABC Wien"},"content":{"rendered":"<p><a href=\"https:\/\/www.abc-wien.net\/wp-content\/uploads\/2009\/12\/anarchist-black-cross1.jpg\"><img loading=\"lazy\" decoding=\"async\" class=\"alignleft wp-image-3079\" src=\"https:\/\/www.abc-wien.net\/wp-content\/uploads\/2009\/12\/anarchist-black-cross1-202x300.jpg\" alt=\"anarchist-black-cross1\" width=\"191\" height=\"284\" srcset=\"https:\/\/www.abc-wien.net\/wp-content\/uploads\/2009\/12\/anarchist-black-cross1-202x300.jpg 202w, https:\/\/www.abc-wien.net\/wp-content\/uploads\/2009\/12\/anarchist-black-cross1.jpg 386w\" sizes=\"(max-width: 191px) 100vw, 191px\" \/><\/a>Wir arbeiten seit 2008 kontinuierlich zu Themen wie (Anti-)Repression, Knast, Anarchismus, Gefangenenunterst\u00fctzung oder Alternativen zur Gef\u00e4ngnisgesellschaft. Wir organisieren Vortr\u00e4ge und Workshops, einmal j\u00e4hrlich das <a href=\"https:\/\/abcfestvienna.noblogs.org\/\" target=\"_blank\" rel=\"noopener\">ABC-Solidarity-Festival<\/a> im EKH, stellen Kohle auf zur Unterst\u00fctzung von anarchistischen Gefangenen weltweit und versuchen generell der Repression unsere Solidarit\u00e4t entgegenzusetzen. Au\u00dferdem laden wir euch jeden letzten Donnerstag im Monat zur <a href=\"https:\/\/www.abc-wien.net\/?page_id=4055\" target=\"_blank\" rel=\"noopener\">ABC-Schreibwerkstatt<\/a> ein, um \u00fcber einzelne Gefangene zu berichten und zusammen Briefe\/Postkarten an sie zu schreiben. Des Weiteren geben wir einmal im Monat die Bruchstellen in Papierform heraus und machen Infotische.<\/p>\n<p>Anarchist Black Cross Wien ist also ein anarchistischer Zusammenschluss von Individuen, der von einem gemeinsamen Hass gegen diese kapitalistische Gesellschaft und deren Formen des Wegsperrens gepr\u00e4gt ist. Allerdings wollen wir weder eine reine \u201eGefangenenunterst\u00fctzungsgruppe\u201d sein, noch eine, die sich nur mit politischen Gefangenen besch\u00e4ftigt. Wir sind generell gegen alle Kn\u00e4ste, Abschiebezentren und jegliche Zwangsanstalten: Denn sie sind keine L\u00f6sung f\u00fcr soziale Konflikte, die aus der aktuellen Organisierung dieser Gesellschaft entstehen.<\/p>\n<p>Anarchist Black Cross (zu Deutsch: Anarchistisches Schwarzes Kreuz) wurde urspr\u00fcnglich im Jahr 1905 in Russland gegr\u00fcndet, um anarchistische Gefangene zu unterst\u00fctzen. Heute gibt es weltweit unz\u00e4hlige Gruppen, die unter diesem Namen agieren. Genauso vielf\u00e4ltig und breit sind deren Bet\u00e4tigungsfelder &#8211; von reiner Unterst\u00fctzungsarbeit f\u00fcr Gefangene bis hin zur Beteiligung an diversen Projekten und Aktionen.<\/p>\n<p><strong>F\u00fcr Vortr\u00e4ge rund ums Thema (Anti-)Repression, Knastsystem in \u00d6sterreich oder Rechtshilfe-Workshops bitte einfach uns kontaktieren. Ebenso freuen wir uns \u00fcber Einladungen zwecks B\u00fccher- bzw. Infotischen bei diversen Veranstaltungen.<\/strong><\/p>\n","protected":false},"excerpt":{"rendered":"<p>Wir arbeiten seit 2008 kontinuierlich zu Themen wie (Anti-)Repression, Knast, Anarchismus, Gefangenenunterst\u00fctzung oder Alternativen zur Gef\u00e4ngnisgesellschaft. Wir organisieren Vortr\u00e4ge und Workshops, einmal j\u00e4hrlich das ABC-Solidarity-Festival im EKH, stellen Kohle auf zur Unterst\u00fctzung von anarchistischen Gefangenen weltweit und versuchen generell der Repression unsere Solidarit\u00e4t entgegenzusetzen. Au\u00dferdem laden wir euch jeden letzten Donnerstag im Monat zur ABC-Schreibwerkstatt [&hellip;]<\/p>\n","protected":false},"author":1,"featured_media":0,"parent":0,"menu_order":0,"comment_status":"closed","ping_status":"open","template":"","meta":{"ngg_post_thumbnail":0,"footnotes":""},"class_list":["post-77","page","type-page","status-publish","hentry"],"_links":{"self":[{"href":"https:\/\/www.abc-wien.net\/index.php?rest_route=\/wp\/v2\/pages\/77"}],"collection":[{"href":"https:\/\/www.abc-wien.net\/index.php?rest_route=\/wp\/v2\/pages"}],"about":[{"href":"https:\/\/www.abc-wien.net\/index.php?rest_route=\/wp\/v2\/types\/page"}],"author":[{"embeddable":true,"href":"https:\/\/www.abc-wien.net\/index.php?rest_route=\/wp\/v2\/users\/1"}],"replies":[{"embeddable":true,"href":"https:\/\/www.abc-wien.net\/index.php?rest_route=%2Fwp%2Fv2%2Fcomments&post=77"}],"version-history":[{"count":11,"href":"https:\/\/www.abc-wien.net\/index.php?rest_route=\/wp\/v2\/pages\/77\/revisions"}],"predecessor-version":[{"id":7326,"href":"https:\/\/www.abc-wien.net\/index.php?rest_route=\/wp\/v2\/pages\/77\/revisions\/7326"}],"wp:attachment":[{"href":"https:\/\/www.abc-wien.net\/index.php?rest_route=%2Fwp%2Fv2%2Fmedia&parent=77"}],"curies":[{"name":"wp","href":"https:\/\/api.w.org\/{rel}","templated":true}]}}